{"id":278511,"date":"2026-04-14T23:11:54","date_gmt":"2026-04-14T23:11:54","guid":{"rendered":"https:\/\/palmhills.com.do\/?post_type=estate_property&#038;p=278511"},"modified":"2026-04-14T23:11:56","modified_gmt":"2026-04-14T23:11:56","slug":"charmant-appartement-avec-balcon-emplacement-pratique-pres-de-la-plage","status":"publish","type":"estate_property","link":"https:\/\/palmhills.com.do\/fr\/properties\/charming-apartment-with-balcony-convenient-location-near-the-beach\/","title":{"rendered":"Charmant appartement avec balcon - Situation pratique pr\u00e8s de la plage"},"content":{"rendered":"<p>Ce confortable appartement d'une chambre et d'une salle de bains offre 45 m\u00b2 d'espace utilis\u00e9 efficacement, ce qui en fait une excellente option pour une r\u00e9sidence principale, un usage de vacances ou un revenu locatif.<\/p>\n\n\n\n<p>Situ\u00e9 au deuxi\u00e8me \u00e9tage, l'appartement comprend un balcon priv\u00e9 avec un coin salon confortable, id\u00e9al pour se d\u00e9tendre \u00e0 l'ext\u00e9rieur \u00e0 tout moment de la journ\u00e9e. L'agencement est fonctionnel et bien pens\u00e9, cr\u00e9ant un espace de vie pratique et accueillant.<\/p>\n\n\n\n<p>L'unit\u00e9 a \u00e9t\u00e9 r\u00e9cemment r\u00e9nov\u00e9e et est propos\u00e9e enti\u00e8rement meubl\u00e9e, avec un style int\u00e9rieur diff\u00e9rent qui lui conf\u00e8re son propre caract\u00e8re tout en \u00e9tant pr\u00eate \u00e0 \u00eatre emm\u00e9nag\u00e9e ou lou\u00e9e.<\/p>\n\n\n\n<p>Situ\u00e9 dans un quartier central et accessible, l'appartement se trouve \u00e0 proximit\u00e9 des supermarch\u00e9s, des restaurants et des commodit\u00e9s quotidiennes, et \u00e0 une courte distance de la plage, ce qui est parfait pour profiter du style de vie environnant.<\/p>\n\n\n\n<p>Il est \u00e9galement \u00e9quip\u00e9 d'un syst\u00e8me d'alimentation de secours fiable avec 4 batteries, ainsi que d'une porte s\u00e9curis\u00e9e avec code d'acc\u00e8s pour plus de facilit\u00e9 et de tranquillit\u00e9 d'esprit.<\/p>\n\n\n\n<p><strong>Caract\u00e9ristiques principales :<\/strong><\/p>\n\n\n\n<ul class=\"wp-block-list\">\n<li>1 chambre \/ 1 salle de bain<\/li>\n\n\n\n<li>45 m\u00b2<\/li>\n\n\n\n<li>Appartement au deuxi\u00e8me \u00e9tage<\/li>\n\n\n\n<li>Balcon avec coin salon<\/li>\n\n\n\n<li>R\u00e9cemment mis \u00e0 jour<\/li>\n\n\n\n<li>Enti\u00e8rement meubl\u00e9 (style int\u00e9rieur unique)<\/li>\n\n\n\n<li>Syst\u00e8me d'alimentation de secours (4 batteries)<\/li>\n\n\n\n<li>Acc\u00e8s s\u00e9curis\u00e9 par code<\/li>\n\n\n\n<li>Situation centrale \u00e0 proximit\u00e9 de toutes les commodit\u00e9s<\/li>\n\n\n\n<li>A quelques minutes de la plage<\/li>\n<\/ul>\n\n\n\n<p>Un choix solide pour tous ceux qui recherchent une propri\u00e9t\u00e9 \u00e0 faible entretien avec un bon potentiel locatif dans un quartier recherch\u00e9 et pratique.<\/p>","protected":false},"excerpt":{"rendered":"<p>Ce confortable appartement d'une chambre et d'une salle de bains offre 45 m\u00b2 d'espace utilis\u00e9 efficacement, ce qui en fait une excellente option pour une r\u00e9sidence principale, un usage de vacances ou un revenu locatif. Situ\u00e9 au deuxi\u00e8me \u00e9tage, l'appartement comprend un balcon priv\u00e9 avec un coin salon confortable, id\u00e9al pour se d\u00e9tendre \u00e0 l'ext\u00e9rieur \u00e0 tout moment de la journ\u00e9e. L'agencement est fonctionnel et bien pens\u00e9, cr\u00e9ant un espace de vie pratique avec ...<\/p>","protected":false},"featured_media":278522,"comment_status":"closed","ping_status":"closed","template":"","property_category":[34,57],"property_action_category":[],"property_city":[168],"property_area":[],"property_county_state":[350],"property_features":[744,745,689,747,748,753,1041,853,746,824,821,1017],"property_status":[],"class_list":["post-278511","estate_property","type-estate_property","status-publish","has-post-thumbnail","hentry","property_category-apartments","property_category-new-entries","property_city-sosua","property_county_state-puerto-plata","property_features-air-conditioner","property_features-ceiling-fan","property_features-close-to-the-beach","property_features-electricity-available","property_features-furnished","property_features-inverter","property_features-own-well","property_features-pets-allowed","property_features-private-parking","property_features-refrigerator","property_features-stove","property_features-terrace"],"acf":[],"_links":{"self":[{"href":"https:\/\/palmhills.com.do\/fr\/wp-json\/wp\/v2\/estate_property\/278511","targetHints":{"allow":["GET"]}}],"collection":[{"href":"https:\/\/palmhills.com.do\/fr\/wp-json\/wp\/v2\/estate_property"}],"about":[{"href":"https:\/\/palmhills.com.do\/fr\/wp-json\/wp\/v2\/types\/estate_property"}],"replies":[{"embeddable":true,"href":"https:\/\/palmhills.com.do\/fr\/wp-json\/wp\/v2\/comments?post=278511"}],"wp:featuredmedia":[{"embeddable":true,"href":"https:\/\/palmhills.com.do\/fr\/wp-json\/wp\/v2\/media\/278522"}],"wp:attachment":[{"href":"https:\/\/palmhills.com.do\/fr\/wp-json\/wp\/v2\/media?parent=278511"}],"wp:term":[{"taxonomy":"property_category","embeddable":true,"href":"https:\/\/palmhills.com.do\/fr\/wp-json\/wp\/v2\/property_category?post=278511"},{"taxonomy":"property_action_category","embeddable":true,"href":"https:\/\/palmhills.com.do\/fr\/wp-json\/wp\/v2\/property_action_category?post=278511"},{"taxonomy":"property_city","embeddable":true,"href":"https:\/\/palmhills.com.do\/fr\/wp-json\/wp\/v2\/property_city?post=278511"},{"taxonomy":"property_area","embeddable":true,"href":"https:\/\/palmhills.com.do\/fr\/wp-json\/wp\/v2\/property_area?post=278511"},{"taxonomy":"property_county_state","embeddable":true,"href":"https:\/\/palmhills.com.do\/fr\/wp-json\/wp\/v2\/property_county_state?post=278511"},{"taxonomy":"property_features","embeddable":true,"href":"https:\/\/palmhills.com.do\/fr\/wp-json\/wp\/v2\/property_features?post=278511"},{"taxonomy":"property_status","embeddable":true,"href":"https:\/\/palmhills.com.do\/fr\/wp-json\/wp\/v2\/property_status?post=278511"}],"curies":[{"name":"wp","href":"https:\/\/api.w.org\/{rel}","templated":true}]}}