{"id":277573,"date":"2026-03-23T16:30:50","date_gmt":"2026-03-23T16:30:50","guid":{"rendered":"https:\/\/palmhills.com.do\/?post_type=estate_property&#038;p=277573"},"modified":"2026-04-01T17:00:24","modified_gmt":"2026-04-01T17:00:24","slug":"paradis-tropical-avec-vue-sur-locean-sur-14000-m%c2%b2-de-serenite","status":"publish","type":"estate_property","link":"https:\/\/palmhills.com.do\/fr\/properties\/tropical-paradise-with-ocean-views-on-14000-m%c2%b2-of-serenity\/","title":{"rendered":"Paradis tropical avec vue sur l'oc\u00e9an sur plus de 14 000 m\u00b2 de s\u00e9r\u00e9nit\u00e9"},"content":{"rendered":"<p><strong>Domaine sur\u00e9lev\u00e9 avec vue sur l'oc\u00e9an dans le quartier historique de La Isabela - Une escapade tropicale priv\u00e9e \ud83c\udf3f<\/strong><\/p>\n\n\n\n<p>Il ne s'agit pas seulement d'une maison, mais d'une place aux premi\u00e8res loges de la mer des Cara\u00efbes. Parfaitement positionn\u00e9 pour b\u00e9n\u00e9ficier d'une vue ininterrompue sur l'oc\u00e9an, ce domaine exceptionnel allie nature, intimit\u00e9 et potentiel d'investissement dans l'une des enclaves c\u00f4ti\u00e8res les plus riches en histoire et les plus sereines des environs de Luper\u00f3n.<\/p>\n\n\n\n<hr class=\"wp-block-separator has-alpha-channel-opacity\"\/>\n\n\n\n<h3 class=\"wp-block-heading\"><strong>Une vue qui se vend vraiment d'elle-m\u00eame<\/strong><\/h3>\n\n\n\n<p>La piscine \u00e0 d\u00e9bordement semble se fondre sans effort dans l'horizon, cr\u00e9ant un lien visuel \u00e9poustouflant avec l'oc\u00e9an. Entour\u00e9 de jardins tropicaux luxuriants, de palmiers qui se balancent et d'un ciel ouvert, chaque espace invite \u00e0 la d\u00e9tente et \u00e0 la connexion avec la nature.<\/p>\n\n\n\n<p>D\u00e9tendez-vous sous la palapa au toit de chaume, plongez dans le jacuzzi ou pr\u00e9lassez-vous au bord de la piscine tout en profitant des brises oc\u00e9aniques constantes et des couchers de soleil inoubliables. C'est le genre de cadre qui s\u00e9duit \u00e0 la fois les propri\u00e9taires et les locataires haut de gamme.<\/p>\n\n\n\n<hr class=\"wp-block-separator has-alpha-channel-opacity\"\/>\n\n\n\n<h3 class=\"wp-block-heading\"><strong>Des espaces de vie bien pens\u00e9s<\/strong><\/h3>\n\n\n\n<p><strong>Surface totale de la construction : 350 m\u00b2<\/strong><\/p>\n\n\n\n<p><strong>Maison principale - 220 m\u00b2<\/strong><br>2 Chambres | 2 Salles de bain<br>Con\u00e7ue pour le confort et la fluidit\u00e9, la maison est dot\u00e9e d'une salle de bains et d'une cuisine. <strong>salon, salle \u00e0 manger et cuisine spacieux et d\u00e9cloisonn\u00e9s<\/strong>, La lumi\u00e8re naturelle et la vue sur l'oc\u00e9an remplissent l'espace sans effort.<br>Comprend une biblioth\u00e8que\/bureau priv\u00e9e, id\u00e9ale pour travailler \u00e0 distance ou se retirer au calme.<\/p>\n\n\n\n<p><strong>Casita Ind\u00e9pendante - 130 m\u00b2<\/strong><br><strong>2 appartements - 1 chambre, 1 salle de bain chacun<\/strong><br>Con\u00e7ue pour \u00eatre polyvalente et offrir un fort potentiel de revenus, cette structure ind\u00e9pendante pr\u00e9sente les caract\u00e9ristiques suivantes <strong>deux appartements enti\u00e8rement ind\u00e9pendants d'une chambre et d'une salle de bain<\/strong>. Id\u00e9ale pour les locations \u00e0 court terme, les locataires \u00e0 long terme, les logements pour le personnel ou les suites priv\u00e9es pour les invit\u00e9s, chaque unit\u00e9 offre confort, intimit\u00e9 et flexibilit\u00e9, ce qui en fait un atout pr\u00e9cieux pour le style de vie et l'investissement.<\/p>\n\n\n\n<hr class=\"wp-block-separator has-alpha-channel-opacity\"\/>\n\n\n\n<h3 class=\"wp-block-heading\"><strong>La vie en plein air dans toute sa splendeur<\/strong><\/h3>\n\n\n\n<ul class=\"wp-block-list\">\n<li>Piscine \u00e0 d\u00e9bordement et jacuzzi avec vue panoramique sur l'oc\u00e9an<\/li>\n\n\n\n<li>Terrasse spacieuse et espaces de d\u00e9tente<\/li>\n\n\n\n<li>Palapa traditionnel pour se d\u00e9tendre et se divertir \u00e0 l'ombre<\/li>\n\n\n\n<li>Une exp\u00e9rience de vie int\u00e9rieure et ext\u00e9rieure sans faille<\/li>\n<\/ul>\n\n\n\n<hr class=\"wp-block-separator has-alpha-channel-opacity\"\/>\n\n\n\n<h3 class=\"wp-block-heading\"><strong>Terrain, intimit\u00e9 et potentiel d'expansion<\/strong><\/h3>\n\n\n\n<p>Situ\u00e9 sur un impressionnant <strong>14 594 m\u00b2 de terrain enti\u00e8rement cl\u00f4tur\u00e9<\/strong>, La propri\u00e9t\u00e9 offre une intimit\u00e9 et un espace in\u00e9gal\u00e9s.<\/p>\n\n\n\n<ul class=\"wp-block-list\">\n<li>Paysage tropical mature<\/li>\n\n\n\n<li>Plusieurs zones d'extension ou de villas suppl\u00e9mentaires<\/li>\n\n\n\n<li>Id\u00e9al pour les concepts de boutiques ou d'\u00e9co-d\u00e9veloppement<\/li>\n<\/ul>\n\n\n\n<hr class=\"wp-block-separator has-alpha-channel-opacity\"\/>\n\n\n\n<h3 class=\"wp-block-heading\"><strong>Caract\u00e9ristiques suppl\u00e9mentaires<\/strong><\/h3>\n\n\n\n<ul class=\"wp-block-list\">\n<li>Enti\u00e8rement meubl\u00e9<\/li>\n\n\n\n<li>Syst\u00e8me de panneaux solaires<\/li>\n\n\n\n<li>Garage + local de rangement\/outillage<\/li>\n\n\n\n<li>Porte automatique<\/li>\n\n\n\n<li>Titre propre (Deslinde)<\/li>\n<\/ul>\n\n\n\n<hr class=\"wp-block-separator has-alpha-channel-opacity\"\/>\n\n\n\n<h3 class=\"wp-block-heading\"><strong>Situation privil\u00e9gi\u00e9e et paisible<\/strong><\/h3>\n\n\n\n<ul class=\"wp-block-list\">\n<li>A 5 minutes des plages, des restaurants et du centre ville<\/li>\n\n\n\n<li>Situ\u00e9 dans une zone calme, \u00e0 faible densit\u00e9, riche en culture et en histoire<\/li>\n\n\n\n<li>Pr\u00e8s du site historique de La Isabela, premi\u00e8re colonie europ\u00e9enne en Am\u00e9rique<\/li>\n\n\n\n<li>Demande croissante d'\u00e9co-retraites et d'am\u00e9nagements de boutiques<\/li>\n<\/ul>\n\n\n\n<hr class=\"wp-block-separator has-alpha-channel-opacity\"\/>\n\n\n\n<h3 class=\"wp-block-heading\"><strong>Nature, histoire et opportunit\u00e9s d'investissement combin\u00e9es<\/strong><\/h3>\n\n\n\n<p>Plus qu'une belle r\u00e9sidence, il s'agit d'une opportunit\u00e9 rare de poss\u00e9der un morceau unique de littoral avec un fort potentiel de croissance.<\/p>\n\n\n\n<p>Parfaitement adapt\u00e9 pour :<br>- Location de vacances de luxe<br>- R\u00e9sidence priv\u00e9e ou retraite<br>- Boutique \u00e9co-resort ou concept de bien-\u00eatre<br>- Appr\u00e9ciation \u00e0 long terme dans un march\u00e9 c\u00f4tier \u00e9mergent<\/p>\n\n\n\n<hr class=\"wp-block-separator has-alpha-channel-opacity\"\/>\n\n\n\n<p>Les propri\u00e9t\u00e9s avec cette combinaison de <strong>vue sur l'oc\u00e9an, vaste terrain, intimit\u00e9 et potentiel de d\u00e9veloppement<\/strong> sont de plus en plus rares.<\/p>\n\n\n\n<p><strong>C'est l\u00e0 que le style de vie et l'investissement se rejoignent vraiment.<\/strong><\/p>\n\n\n\n<hr class=\"wp-block-separator has-alpha-channel-opacity\"\/>\n\n\n\n<p><strong>Contactez-moi d\u00e8s aujourd'hui pour plus de d\u00e9tails ou pour organiser une visite priv\u00e9e.<\/strong><\/p>","protected":false},"excerpt":{"rendered":"<p>Propri\u00e9t\u00e9 sur\u00e9lev\u00e9e avec vue sur l'oc\u00e9an dans le quartier historique de La Isabela - Une escapade tropicale priv\u00e9e \ud83c\udf3f Il ne s'agit pas seulement d'une maison, mais d'une place aux premi\u00e8res loges de la mer des Cara\u00efbes. Parfaitement positionn\u00e9 pour capturer des vues ininterrompues sur l'oc\u00e9an, ce domaine exceptionnel allie nature, intimit\u00e9 et potentiel d'investissement dans l'une des enclaves c\u00f4ti\u00e8res les plus riches en histoire et les plus sereines pr\u00e8s de Luper\u00f3n. Une vue qui se vend d'elle-m\u00eame La piscine \u00e0 d\u00e9bordement ...<\/p>","protected":false},"featured_media":277625,"comment_status":"closed","ping_status":"closed","template":"","property_category":[57,125],"property_action_category":[1046],"property_city":[986],"property_area":[],"property_county_state":[350],"property_features":[744,818,745,689,747,748,1312,762,755,753,763,707,686,826,710,820,712,853,749,751,743,824,757,754,848,854,821,761,1017],"property_status":[1287],"class_list":["post-277573","estate_property","type-estate_property","status-publish","has-post-thumbnail","hentry","property_category-new-entries","property_category-villas","property_action_category-buy","property_city-puerto-plata","property_county_state-puerto-plata","property_features-air-conditioner","property_features-appliances","property_features-ceiling-fan","property_features-close-to-the-beach","property_features-electricity-available","property_features-furnished","property_features-garage-parking","property_features-guest-quarters","property_features-internet-available","property_features-inverter","property_features-kitchen-island","property_features-landscape-characteristics","property_features-location","property_features-microwave","property_features-ocean-view","property_features-oven","property_features-panoramic-view","property_features-pets-allowed","property_features-pool","property_features-private-generator","property_features-property-features","property_features-refrigerator","property_features-satelite-cable-tv","property_features-solar-energy","property_features-special-features","property_features-storage","property_features-stove","property_features-telephone-line","property_features-terrace","property_status-ocean-view"],"acf":[],"_links":{"self":[{"href":"https:\/\/palmhills.com.do\/fr\/wp-json\/wp\/v2\/estate_property\/277573","targetHints":{"allow":["GET"]}}],"collection":[{"href":"https:\/\/palmhills.com.do\/fr\/wp-json\/wp\/v2\/estate_property"}],"about":[{"href":"https:\/\/palmhills.com.do\/fr\/wp-json\/wp\/v2\/types\/estate_property"}],"replies":[{"embeddable":true,"href":"https:\/\/palmhills.com.do\/fr\/wp-json\/wp\/v2\/comments?post=277573"}],"wp:featuredmedia":[{"embeddable":true,"href":"https:\/\/palmhills.com.do\/fr\/wp-json\/wp\/v2\/media\/277625"}],"wp:attachment":[{"href":"https:\/\/palmhills.com.do\/fr\/wp-json\/wp\/v2\/media?parent=277573"}],"wp:term":[{"taxonomy":"property_category","embeddable":true,"href":"https:\/\/palmhills.com.do\/fr\/wp-json\/wp\/v2\/property_category?post=277573"},{"taxonomy":"property_action_category","embeddable":true,"href":"https:\/\/palmhills.com.do\/fr\/wp-json\/wp\/v2\/property_action_category?post=277573"},{"taxonomy":"property_city","embeddable":true,"href":"https:\/\/palmhills.com.do\/fr\/wp-json\/wp\/v2\/property_city?post=277573"},{"taxonomy":"property_area","embeddable":true,"href":"https:\/\/palmhills.com.do\/fr\/wp-json\/wp\/v2\/property_area?post=277573"},{"taxonomy":"property_county_state","embeddable":true,"href":"https:\/\/palmhills.com.do\/fr\/wp-json\/wp\/v2\/property_county_state?post=277573"},{"taxonomy":"property_features","embeddable":true,"href":"https:\/\/palmhills.com.do\/fr\/wp-json\/wp\/v2\/property_features?post=277573"},{"taxonomy":"property_status","embeddable":true,"href":"https:\/\/palmhills.com.do\/fr\/wp-json\/wp\/v2\/property_status?post=277573"}],"curies":[{"name":"wp","href":"https:\/\/api.w.org\/{rel}","templated":true}]}}