{"id":237627,"date":"2025-07-13T21:50:07","date_gmt":"2025-07-13T21:50:07","guid":{"rendered":"https:\/\/palmhills.com.do\/?post_type=estate_property&#038;p=237627"},"modified":"2025-10-08T14:42:07","modified_gmt":"2025-10-08T14:42:07","slug":"hillside-oceanview-haven-11-bedrooms-with-breathtaking-views","status":"publish","type":"estate_property","link":"https:\/\/palmhills.com.do\/fr\/properties\/hillside-oceanview-haven-11-bedrooms-with-breathtaking-views\/","title":{"rendered":"Hillside Oceanview Haven - 11 chambres, avec une vue \u00e0 couper le souffle"},"content":{"rendered":"<p>Si vous recherchez la s\u00e9r\u00e9nit\u00e9, l'espace et des vues spectaculaires sur l'oc\u00e9an, ne cherchez pas plus loin.<\/p>\n\n\n\n<p>Nich\u00e9 dans les collines paisibles de Puerto Plata, ce grand h\u00f4tel est un lieu de s\u00e9jour id\u00e9al pour les personnes \u00e0 mobilit\u00e9 r\u00e9duite. <strong>Domaine de 11 chambres et 12 salles de bains<\/strong> offre une vie luxueuse \u00e0 l'int\u00e9rieur comme \u00e0 l'ext\u00e9rieur, avec une vue \u00e0 couper le souffle sur la mer des Cara\u00efbes. Parfaite comme r\u00e9sidence priv\u00e9e, location de vacances ou retraite multifamiliale, la propri\u00e9t\u00e9 est con\u00e7ue pour la polyvalence, le confort et le style de vie.<\/p>\n\n\n\n<p>Fix\u00e9 sur <strong>600 m\u00b2 de terrain<\/strong> avec <strong>480 m\u00b2 de construction<\/strong>Il allie harmonieusement \u00e9l\u00e9gance et fonctionnalit\u00e9 dans un paradis tropical \u00e0 flanc de colline.<\/p>\n\n\n\n<hr class=\"wp-block-separator has-alpha-channel-opacity\"\/>\n\n\n\n<h4 class=\"wp-block-heading\"><strong>APER\u00c7U DE LA PROPRI\u00c9T\u00c9<\/strong><\/h4>\n\n\n\n<ul class=\"wp-block-list\">\n<li><strong>Taille du terrain :<\/strong> 600 m\u00b2<\/li>\n\n\n\n<li><strong>Taille de la construction :<\/strong> 480 m\u00b2<\/li>\n\n\n\n<li><strong>Chambres \u00e0 coucher :<\/strong> 11<\/li>\n\n\n\n<li><strong>Salles de bains :<\/strong> 12<\/li>\n\n\n\n<li><strong>Comprend :<\/strong> Maison principale + appartement s\u00e9par\u00e9 de 2 \u00e9tages<\/li>\n\n\n\n<li><strong>\u00c9tat :<\/strong> Enti\u00e8rement meubl\u00e9 - Pr\u00eat \u00e0 emm\u00e9nager ou \u00e0 louer<\/li>\n\n\n\n<li><strong>Titre propre<\/strong><\/li>\n<\/ul>\n\n\n\n<hr class=\"wp-block-separator has-alpha-channel-opacity\"\/>\n\n\n\n<h4 class=\"wp-block-heading\"><strong>8 CHAMBRES \u00c0 COUCHER<\/strong>S <strong>PR\u00c9SENTATION<\/strong><\/h4>\n\n\n\n<ul class=\"wp-block-list\">\n<li><strong>4 chambres spacieuses<\/strong> sur une aile partager <strong>2 salles de bains compl\u00e8tes<\/strong> - id\u00e9al pour les familles, les groupes ou les invit\u00e9s<\/li>\n\n\n\n<li><strong>2 chambres avec vue sur l'oc\u00e9an<\/strong> sur l'aile oppos\u00e9e <strong>salles de bains et placards priv\u00e9s<\/strong>Le syst\u00e8me d'alarme est un syst\u00e8me de s\u00e9curit\u00e9 qui offre une plus grande intimit\u00e9 et un plus grand confort.<\/li>\n\n\n\n<li><strong>2 Chambres avec acc\u00e8s ext\u00e9rieur :<\/strong>\n<ul class=\"wp-block-list\">\n<li><strong>Suite principale<\/strong> avec salle de bain attenante, placard, baignoire jacuzzi, et <strong>des fen\u00eatres allant du sol au plafond<\/strong> offrant une vue imprenable sur la mer<\/li>\n\n\n\n<li><strong>Chambre d'amis priv\u00e9e<\/strong> avec salle de bain compl\u00e8te - id\u00e9al pour les visiteurs, le personnel ou les aides \u00e0 domicile<\/li>\n<\/ul>\n<\/li>\n<\/ul>\n\n\n\n<hr class=\"wp-block-separator has-alpha-channel-opacity\"\/>\n\n\n\n<h4 class=\"wp-block-heading\"><strong>SALLES DE BAIN - 12 <\/strong><\/h4>\n\n\n\n<ul class=\"wp-block-list\">\n<li>Une r\u00e9partition judicieuse pour plus de commodit\u00e9 et d'intimit\u00e9<\/li>\n\n\n\n<li>Finitions modernes et \u00e9pur\u00e9es avec acc\u00e8s int\u00e9rieur et ext\u00e9rieur<\/li>\n<\/ul>\n\n\n\n<hr class=\"wp-block-separator has-alpha-channel-opacity\"\/>\n\n\n\n<h4 class=\"wp-block-heading\"><strong>CARACT\u00c9RISTIQUES INT\u00c9RIEURES<\/strong><\/h4>\n\n\n\n<p><strong>Salon et salle \u00e0 manger \u00e0 aire ouverte<\/strong><\/p>\n\n\n\n<ul class=\"wp-block-list\">\n<li>L'agencement lumineux et a\u00e9r\u00e9 est id\u00e9al pour les rencontres et la d\u00e9tente.<\/li>\n\n\n\n<li>Flux continu entre les espaces de vie int\u00e9rieurs et ext\u00e9rieurs<\/li>\n\n\n\n<li>Parfait pour organiser des r\u00e9unions ou passer du temps en famille<\/li>\n<\/ul>\n\n\n\n<p><strong>Cuisine moderne avec \u00eelot<\/strong><\/p>\n\n\n\n<ul class=\"wp-block-list\">\n<li>Comptoirs \u00e9l\u00e9gants et armoires contemporaines<\/li>\n\n\n\n<li>Ilot central spacieux, id\u00e9al pour pr\u00e9parer les repas, manger ou recevoir.<\/li>\n\n\n\n<li>Ouvert sur les espaces de vie et les espaces ext\u00e9rieurs pour un agencement sociable et fonctionnel<\/li>\n<\/ul>\n\n\n\n<hr class=\"wp-block-separator has-alpha-channel-opacity\"\/>\n\n\n\n<h4 class=\"wp-block-heading\"><strong>CARACT\u00c9RISTIQUES EXT\u00c9RIEURES<\/strong><\/h4>\n\n\n\n<p><strong>Piscine \u00e0 d\u00e9bordement<\/strong><\/p>\n\n\n\n<ul class=\"wp-block-list\">\n<li>Une \u00e9l\u00e9gante piscine \u00e0 d\u00e9bordement qui se fond dans l'horizon<\/li>\n\n\n\n<li>Finition avec des \u00e9l\u00e9ments d\u00e9coratifs <strong>accents de pierre et de carrelage<\/strong> pour une sensation de vill\u00e9giature<\/li>\n\n\n\n<li>Comprend <strong>baignoire jacuzzi int\u00e9gr\u00e9e<\/strong> et <strong>espace d\u00e9tente<\/strong> avec si\u00e8ges int\u00e9gr\u00e9s<\/li>\n\n\n\n<li>Entour\u00e9 d'une spacieuse terrasse en pierre pour prendre un bain de soleil, se d\u00e9tendre ou se divertir.<\/li>\n\n\n\n<li>Offres <strong>des vues \u00e0 couper le souffle<\/strong> du littoral et des collines luxuriantes de Puerto Plata<\/li>\n<\/ul>\n\n\n\n<p><strong>Cuisine ext\u00e9rieure, bar et barbecue<\/strong><\/p>\n\n\n\n<ul class=\"wp-block-list\">\n<li>Enti\u00e8rement \u00e9quip\u00e9 pour les repas en plein air et la convivialit\u00e9<\/li>\n\n\n\n<li>Bar id\u00e9al pour servir des boissons ou organiser des repas au bord de la piscine<\/li>\n\n\n\n<li>Positionn\u00e9 \u00e0 c\u00f4t\u00e9 de la piscine pour un maximum de plaisir<\/li>\n<\/ul>\n\n\n\n<p><strong>Salon et salle \u00e0 manger ext\u00e9rieurs couverts<\/strong><\/p>\n\n\n\n<ul class=\"wp-block-list\">\n<li>Grand espace ombrag\u00e9 pour manger ou se d\u00e9tendre avec des amis et la famille<\/li>\n\n\n\n<li>S'int\u00e8gre sans effort aux espaces int\u00e9rieurs pour une v\u00e9ritable <strong>vie int\u00e9rieure-ext\u00e9rieure<\/strong><\/li>\n\n\n\n<li>Profitez des brises fra\u00eeches et des temp\u00e9ratures tropicales tout au long de l'ann\u00e9e.<\/li>\n<\/ul>\n\n\n\n<p><strong>Salle de spectacle<\/strong><\/p>\n\n\n\n<ul class=\"wp-block-list\">\n<li>Espace de jeu et de d\u00e9tente d\u00e9di\u00e9 avec <strong>table de billard<\/strong> et <strong>salle de bain compl\u00e8te<\/strong><\/li>\n\n\n\n<li>Id\u00e9al pour les soir\u00e9es cin\u00e9ma, les jeux ou la retraite des enfants<\/li>\n<\/ul>\n\n\n\n<p><strong>Deux salles de bains ext\u00e9rieures pour les invit\u00e9s<\/strong><\/p>\n\n\n\n<ul class=\"wp-block-list\">\n<li>Pratique pour les invit\u00e9s au bord de la piscine et les \u00e9v\u00e9nements en plein air<\/li>\n\n\n\n<li>Permet de garder les espaces int\u00e9rieurs propres pendant les rassemblements<\/li>\n<\/ul>\n\n\n\n<p><strong>Terrasses et porches<\/strong><\/p>\n\n\n\n<ul class=\"wp-block-list\">\n<li>Deux terrasses \u00e0 l'\u00e9tage sup\u00e9rieur offrent une vue sur l'oc\u00e9an et les collines, id\u00e9ale pour les levers et couchers de soleil.<\/li>\n\n\n\n<li>Le porche d'entr\u00e9e couvert offre du charme, de l'ombre et une entr\u00e9e accueillante.<\/li>\n<\/ul>\n\n\n\n<p><strong>Pas de voisins d'un c\u00f4t\u00e9 ou de l'autre<\/strong><\/p>\n\n\n\n<ul class=\"wp-block-list\">\n<li>Une intimit\u00e9 absolue entour\u00e9e de terres ouvertes et de nature<\/li>\n\n\n\n<li>Un v\u00e9ritable sanctuaire dans les collines<\/li>\n<\/ul>\n\n\n\n<hr class=\"wp-block-separator has-alpha-channel-opacity\"\/>\n\n\n\n<h4 class=\"wp-block-heading\"><strong>UNIT\u00c9 D'APPARTEMENT S\u00c9PAR\u00c9E DE 2 \u00c9TAGES<\/strong><\/h4>\n\n\n\n<p><strong>Premier \u00e9tage<\/strong><\/p>\n\n\n\n<ul class=\"wp-block-list\">\n<li>Cuisine compl\u00e8te, salle \u00e0 manger et salon - id\u00e9al pour la vie de tous les jours ou pour recevoir.<\/li>\n\n\n\n<li>Pratique <strong>demi-salle de bain<\/strong> pour les invit\u00e9s<\/li>\n\n\n\n<li><strong>2 chambres<\/strong> partageant 1 salle de bain compl\u00e8te - parfait pour les locataires \u00e0 long terme ou la famille \u00e9largie<\/li>\n<\/ul>\n\n\n\n<p><strong>Deuxi\u00e8me \u00e9tage<\/strong><\/p>\n\n\n\n<ul class=\"wp-block-list\">\n<li>Spacieux <strong>chambre principale<\/strong> avec de luxueux <strong>salle de bain attenante et baignoire jacuzzi<\/strong>, <strong>des fen\u00eatres allant du sol au plafond<\/strong>, <strong>balcon priv\u00e9<\/strong> une vue imprenable sur l'oc\u00e9an<\/li>\n\n\n\n<li>Acc\u00e8s direct \u00e0 un <strong>terrasse exclusive sur le toit<\/strong> avec vue panoramique<\/li>\n\n\n\n<li>Unit\u00e9 confortable et enti\u00e8rement ind\u00e9pendante avec <strong>acc\u00e8s priv\u00e9<\/strong> - id\u00e9al pour les revenus locatifs ou les invit\u00e9s<\/li>\n<\/ul>\n\n\n\n<hr class=\"wp-block-separator has-alpha-channel-opacity\"\/>\n\n\n\n<h4 class=\"wp-block-heading\"><strong>AUTRES SERVICES<\/strong><\/h4>\n\n\n\n<ul class=\"wp-block-list\">\n<li><strong>Parking pouvant accueillir jusqu'\u00e0 15 v\u00e9hicules<\/strong> - parfait pour les \u00e9v\u00e9nements ou les groupes de location<\/li>\n\n\n\n<li><strong>Portail \u00e9lectrique<\/strong> pour un acc\u00e8s s\u00e9curis\u00e9 et priv\u00e9<\/li>\n\n\n\n<li><strong>Syst\u00e8me d'eau de citerne<\/strong> - un approvisionnement fiable pour les grands groupes ou les locations<\/li>\n\n\n\n<li><strong>Enti\u00e8rement meubl\u00e9<\/strong> - cl\u00e9 en main et pr\u00eat \u00e0 \u00eatre lou\u00e9 ou habit\u00e9<\/li>\n\n\n\n<li><strong>Faibles frais d'adh\u00e9sion :<\/strong> Juste RD$1,000\/mois<\/li>\n<\/ul>\n\n\n\n<hr class=\"wp-block-separator has-alpha-channel-opacity\"\/>\n\n\n\n<h4 class=\"wp-block-heading\"><strong>POINTS FORTS DE L'EMPLACEMENT<\/strong><\/h4>\n\n\n\n<ul class=\"wp-block-list\">\n<li>Nich\u00e9 dans les collines de Puerto Plata, il offre des temp\u00e9ratures plus fra\u00eeches, des brises fra\u00eeches et des vues spectaculaires.<\/li>\n\n\n\n<li>A courte distance en voiture de <strong>plages, magasins, restaurants<\/strong>et les attractions populaires<\/li>\n\n\n\n<li>Seulement <strong>30 minutes de l'a\u00e9roport international de Puerto Plata<\/strong><\/li>\n\n\n\n<li>Id\u00e9al pour <strong>vacanciers, expatri\u00e9s<\/strong>ou les locaux \u00e0 la recherche d'une escapade luxueuse<\/li>\n<\/ul>\n\n\n\n<hr class=\"wp-block-separator has-alpha-channel-opacity\"\/>\n\n\n\n<h4 class=\"wp-block-heading\"><strong>POTENTIEL D'INVESTISSEMENT<\/strong><\/h4>\n\n\n\n<ul class=\"wp-block-list\">\n<li>Con\u00e7u pour le succ\u00e8s d'Airbnb ou d'une boutique de location de vacances<\/li>\n\n\n\n<li>Excellent potentiel de revenus avec plusieurs chambres et un appartement priv\u00e9<\/li>\n\n\n\n<li>Enti\u00e8rement meubl\u00e9 et pr\u00eat \u00e0 \u00eatre lou\u00e9 imm\u00e9diatement<\/li>\n<\/ul>\n\n\n\n<hr class=\"wp-block-separator has-alpha-channel-opacity\"\/>\n\n\n\n<h3 class=\"wp-block-heading\"><strong>Ne manquez pas cette rare opportunit\u00e9<\/strong><\/h3>\n\n\n\n<p>Que vous r\u00eaviez d'une retraite personnelle luxueuse ou que vous recherchiez un investissement \u00e0 haut rendement, cette propri\u00e9t\u00e9 unique en son genre \u00e0 Puerto Plata vous offre tout ce dont vous avez besoin : espace, s\u00e9r\u00e9nit\u00e9 et vues inoubliables sur les Cara\u00efbes.<\/p>\n\n\n\n<p>\ud83d\udcde <strong>Contactez-nous d\u00e8s aujourd'hui<\/strong> pour planifier une visite priv\u00e9e ou pour plus de d\u00e9tails.<\/p>","protected":false},"excerpt":{"rendered":"<p>Si vous recherchez la s\u00e9r\u00e9nit\u00e9, l'espace et des vues spectaculaires sur l'oc\u00e9an, ne cherchez pas plus loin. Nich\u00e9 dans les collines paisibles de Puerto Plata, ce vaste domaine de 11 chambres et 12 salles de bains offre une vie luxueuse \u00e0 l'int\u00e9rieur comme \u00e0 l'ext\u00e9rieur, avec des vues \u00e0 couper le souffle sur la mer des Cara\u00efbes. Parfaite comme r\u00e9sidence priv\u00e9e, location de vacances ou retraite multifamiliale, la propri\u00e9t\u00e9 est con\u00e7ue pour la polyvalence, le confort et le style de vie. Situ\u00e9e sur un terrain de 600 m\u00b2 avec 480 ...<\/p>","protected":false},"featured_media":237734,"comment_status":"closed","ping_status":"closed","template":"","property_category":[125],"property_action_category":[1046],"property_city":[986],"property_area":[],"property_county_state":[350],"property_features":[744,818,849,825,745,689,747,748,756,1077,762,755,763,707,826,710,820,712,853,749,746,743,824,848,854,821,761,1017],"property_status":[1287],"class_list":["post-237627","estate_property","type-estate_property","status-publish","has-post-thumbnail","hentry","property_category-villas","property_action_category-buy","property_city-puerto-plata","property_county_state-puerto-plata","property_features-air-conditioner","property_features-appliances","property_features-balcony","property_features-bbq","property_features-ceiling-fan","property_features-close-to-the-beach","property_features-electricity-available","property_features-furnished","property_features-gated-community","property_features-gentle-hills","property_features-guest-quarters","property_features-internet-available","property_features-kitchen-island","property_features-landscape-characteristics","property_features-microwave","property_features-ocean-view","property_features-oven","property_features-panoramic-view","property_features-pets-allowed","property_features-pool","property_features-private-parking","property_features-property-features","property_features-refrigerator","property_features-special-features","property_features-storage","property_features-stove","property_features-telephone-line","property_features-terrace","property_status-ocean-view"],"acf":[],"_links":{"self":[{"href":"https:\/\/palmhills.com.do\/fr\/wp-json\/wp\/v2\/estate_property\/237627","targetHints":{"allow":["GET"]}}],"collection":[{"href":"https:\/\/palmhills.com.do\/fr\/wp-json\/wp\/v2\/estate_property"}],"about":[{"href":"https:\/\/palmhills.com.do\/fr\/wp-json\/wp\/v2\/types\/estate_property"}],"replies":[{"embeddable":true,"href":"https:\/\/palmhills.com.do\/fr\/wp-json\/wp\/v2\/comments?post=237627"}],"wp:featuredmedia":[{"embeddable":true,"href":"https:\/\/palmhills.com.do\/fr\/wp-json\/wp\/v2\/media\/237734"}],"wp:attachment":[{"href":"https:\/\/palmhills.com.do\/fr\/wp-json\/wp\/v2\/media?parent=237627"}],"wp:term":[{"taxonomy":"property_category","embeddable":true,"href":"https:\/\/palmhills.com.do\/fr\/wp-json\/wp\/v2\/property_category?post=237627"},{"taxonomy":"property_action_category","embeddable":true,"href":"https:\/\/palmhills.com.do\/fr\/wp-json\/wp\/v2\/property_action_category?post=237627"},{"taxonomy":"property_city","embeddable":true,"href":"https:\/\/palmhills.com.do\/fr\/wp-json\/wp\/v2\/property_city?post=237627"},{"taxonomy":"property_area","embeddable":true,"href":"https:\/\/palmhills.com.do\/fr\/wp-json\/wp\/v2\/property_area?post=237627"},{"taxonomy":"property_county_state","embeddable":true,"href":"https:\/\/palmhills.com.do\/fr\/wp-json\/wp\/v2\/property_county_state?post=237627"},{"taxonomy":"property_features","embeddable":true,"href":"https:\/\/palmhills.com.do\/fr\/wp-json\/wp\/v2\/property_features?post=237627"},{"taxonomy":"property_status","embeddable":true,"href":"https:\/\/palmhills.com.do\/fr\/wp-json\/wp\/v2\/property_status?post=237627"}],"curies":[{"name":"wp","href":"https:\/\/api.w.org\/{rel}","templated":true}]}}