{"id":205753,"date":"2024-10-02T18:02:53","date_gmt":"2024-10-02T18:02:53","guid":{"rendered":"https:\/\/palmhills.com.do\/?post_type=estate_property&#038;p=205753"},"modified":"2025-11-02T02:25:50","modified_gmt":"2025-11-02T02:25:50","slug":"projet-residentiel-exclusif-a-puerto-plata","status":"publish","type":"estate_property","link":"https:\/\/palmhills.com.do\/fr\/properties\/exclusive-residential-project-in-puerto-plata\/","title":{"rendered":"Projet r\u00e9sidentiel exclusif \u00e0 Puerto Plata"},"content":{"rendered":"<p>Discover, un projet r\u00e9sidentiel de premier plan dans un quartier tr\u00e8s recherch\u00e9 de Puerto Plata. Cette tour moderne de quatre \u00e9tages comprend huit appartements spacieux et \u00e9l\u00e9gants, offrant un m\u00e9lange de luxe, de confort et de style contemporain.<\/p>\n\n\n\n<h3 class=\"wp-block-heading\">Points forts du projet :<\/h3>\n\n\n\n<ul class=\"wp-block-list\">\n<li><strong>Structure du b\u00e2timent :<\/strong> Une tour de quatre niveaux avec deux appartements par \u00e9tage, avec un acc\u00e8s par ascenseur, un escalier principal, un parking assign\u00e9 et des espaces verts magnifiquement am\u00e9nag\u00e9s.<\/li>\n\n\n\n<li><strong>Superficie du terrain :<\/strong> 646 m\u00b2<\/li>\n\n\n\n<li><strong>Surface totale construite :<\/strong> 2,174 m\u00b2<\/li>\n\n\n\n<li><strong>Nombre d'appartements :<\/strong> 8 unit\u00e9s exclusives<\/li>\n\n\n\n<li><strong>Espaces de stationnement :<\/strong> 16 au total (2 places de parking attribu\u00e9es par appartement)<\/li>\n<\/ul>\n\n\n\n<h3 class=\"wp-block-heading\">Caract\u00e9ristiques de l'appartement :<\/h3>\n\n\n\n<h4 class=\"wp-block-heading\">Du premier au troisi\u00e8me niveau :<\/h4>\n\n\n\n<ul class=\"wp-block-list\">\n<li><strong>205 m\u00b2 de surface habitable<\/strong><\/li>\n\n\n\n<li><strong>3 chambres<\/strong> avec placards, y compris une luxueuse suite parentale<\/li>\n\n\n\n<li><strong>4,5 salles de bains<\/strong> (finitions modernes et \u00e9l\u00e9gantes)<\/li>\n\n\n\n<li>Spacieux <strong>Salon et salle \u00e0 manger<\/strong><\/li>\n\n\n\n<li><strong>Cuisine<\/strong> avec un garde-manger<\/li>\n\n\n\n<li><strong>Espace buanderie<\/strong><\/li>\n\n\n\n<li><strong>2 places de stationnement assign\u00e9es<\/strong> pour chaque appartement<\/li>\n<\/ul>\n\n\n\n<h4 class=\"wp-block-heading\">Penthouse au quatri\u00e8me niveau :<\/h4>\n\n\n\n<ul class=\"wp-block-list\">\n<li><strong>312 m\u00b2 de construction<\/strong><\/li>\n\n\n\n<li><strong>Premier niveau :<\/strong>\n<ul class=\"wp-block-list\">\n<li><strong>3 chambres<\/strong> avec placards, dont une suite parentale<\/li>\n\n\n\n<li><strong>4,5 salles de bains<\/strong><\/li>\n\n\n\n<li>Expansif <strong>Salon et salle \u00e0 manger<\/strong><\/li>\n\n\n\n<li><strong>Cuisine<\/strong> avec garde-manger<\/li>\n\n\n\n<li><strong>Espace buanderie<\/strong><\/li>\n\n\n\n<li><strong>2 places de stationnement assign\u00e9es<\/strong><\/li>\n<\/ul>\n<\/li>\n\n\n\n<li><strong>Deuxi\u00e8me niveau :<\/strong>\n<ul class=\"wp-block-list\">\n<li>Salle familiale<\/li>\n\n\n\n<li>Salle de bains<\/li>\n\n\n\n<li>Grande terrasse ouverte ou pergola, id\u00e9ale pour recevoir<\/li>\n<\/ul>\n<\/li>\n<\/ul>\n\n\n\n<h3 class=\"wp-block-heading\">Caract\u00e9ristiques g\u00e9n\u00e9rales :<\/h3>\n\n\n\n<ul class=\"wp-block-list\">\n<li><strong>Ascenseur<\/strong> pour un acc\u00e8s facile \u00e0 tous les \u00e9tages<\/li>\n\n\n\n<li><strong>Centrale \u00e9lectrique de secours<\/strong> pour une vie ininterrompue<\/li>\n\n\n\n<li><strong>Alimentation en gaz commune<\/strong><\/li>\n\n\n\n<li><strong>Espace social sur le toit<\/strong> avec une vue imprenable<\/li>\n\n\n\n<li><strong>Jacuzzi<\/strong> dans l'espace commun pour se d\u00e9tendre<\/li>\n\n\n\n<li><strong>Gymnastique<\/strong> pour les amateurs de fitness<\/li>\n\n\n\n<li><strong>Parking souterrain<\/strong> pour plus de s\u00e9curit\u00e9<\/li>\n<\/ul>\n\n\n\n<hr class=\"wp-block-separator has-alpha-channel-opacity\"\/>\n\n\n\n<h3 class=\"wp-block-heading\">Date d'ach\u00e8vement : <strong>mai 2026<\/strong><\/h3>\n\n\n\n<p>Innovus II offre une exp\u00e9rience de vie in\u00e9gal\u00e9e, combinant la tranquillit\u00e9 des montagnes verdoyantes de Puerto Plata avec des vues \u00e0 couper le souffle sur l'oc\u00e9an. Ce projet exclusif est parfait pour ceux qui recherchent un mode de vie luxueux et dynamique dans un emplacement de choix.<\/p>\n\n\n\n<p>Chaque appartement est \u00e9quip\u00e9 de <strong>deux places de parking attribu\u00e9es<\/strong>La mise en place d'un syst\u00e8me de gestion de l'information est un \u00e9l\u00e9ment essentiel pour garantir la commodit\u00e9 et la tranquillit\u00e9 d'esprit des r\u00e9sidents.<\/p>\n\n\n\n<p>Ne manquez pas cette occasion limit\u00e9e. <strong>Nous contacter directement<\/strong> pour plus d'informations, des plans et pour organiser une visite personnalis\u00e9e !<\/p>","protected":false},"excerpt":{"rendered":"<p>Discover, un projet r\u00e9sidentiel de premier plan dans un quartier tr\u00e8s recherch\u00e9 de Puerto Plata. Cette tour moderne de quatre \u00e9tages comprend huit appartements spacieux et \u00e9l\u00e9gants, offrant un m\u00e9lange de luxe, de confort et de style contemporain. Points forts du projet : Caract\u00e9ristiques des appartements : Du premier au troisi\u00e8me niveau : Penthouse au quatri\u00e8me niveau : Caract\u00e9ristiques g\u00e9n\u00e9rales : Date d'ach\u00e8vement : Mai 2026 Innovus II offre une exp\u00e9rience de vie in\u00e9gal\u00e9e, combinant la tranquillit\u00e9 de la verdure luxuriante de Puerto Plata ...<\/p>","protected":false},"featured_media":205754,"comment_status":"open","ping_status":"closed","template":"","property_category":[34],"property_action_category":[1046],"property_city":[986],"property_area":[],"property_county_state":[350],"property_features":[744,849,745,747,756,764,1041,746,752,759,1017],"property_status":[1014],"class_list":["post-205753","estate_property","type-estate_property","status-publish","has-post-thumbnail","hentry","property_category-apartments","property_action_category-buy","property_city-puerto-plata","property_county_state-puerto-plata","property_features-air-conditioner","property_features-balcony","property_features-ceiling-fan","property_features-electricity-available","property_features-gated-community","property_features-laundry-room","property_features-own-well","property_features-private-parking","property_features-project-generator","property_features-security","property_features-terrace","property_status-pre-construction"],"acf":[],"_links":{"self":[{"href":"https:\/\/palmhills.com.do\/fr\/wp-json\/wp\/v2\/estate_property\/205753","targetHints":{"allow":["GET"]}}],"collection":[{"href":"https:\/\/palmhills.com.do\/fr\/wp-json\/wp\/v2\/estate_property"}],"about":[{"href":"https:\/\/palmhills.com.do\/fr\/wp-json\/wp\/v2\/types\/estate_property"}],"replies":[{"embeddable":true,"href":"https:\/\/palmhills.com.do\/fr\/wp-json\/wp\/v2\/comments?post=205753"}],"wp:featuredmedia":[{"embeddable":true,"href":"https:\/\/palmhills.com.do\/fr\/wp-json\/wp\/v2\/media\/205754"}],"wp:attachment":[{"href":"https:\/\/palmhills.com.do\/fr\/wp-json\/wp\/v2\/media?parent=205753"}],"wp:term":[{"taxonomy":"property_category","embeddable":true,"href":"https:\/\/palmhills.com.do\/fr\/wp-json\/wp\/v2\/property_category?post=205753"},{"taxonomy":"property_action_category","embeddable":true,"href":"https:\/\/palmhills.com.do\/fr\/wp-json\/wp\/v2\/property_action_category?post=205753"},{"taxonomy":"property_city","embeddable":true,"href":"https:\/\/palmhills.com.do\/fr\/wp-json\/wp\/v2\/property_city?post=205753"},{"taxonomy":"property_area","embeddable":true,"href":"https:\/\/palmhills.com.do\/fr\/wp-json\/wp\/v2\/property_area?post=205753"},{"taxonomy":"property_county_state","embeddable":true,"href":"https:\/\/palmhills.com.do\/fr\/wp-json\/wp\/v2\/property_county_state?post=205753"},{"taxonomy":"property_features","embeddable":true,"href":"https:\/\/palmhills.com.do\/fr\/wp-json\/wp\/v2\/property_features?post=205753"},{"taxonomy":"property_status","embeddable":true,"href":"https:\/\/palmhills.com.do\/fr\/wp-json\/wp\/v2\/property_status?post=205753"}],"curies":[{"name":"wp","href":"https:\/\/api.w.org\/{rel}","templated":true}]}}