{"id":278453,"date":"2026-04-14T20:43:51","date_gmt":"2026-04-14T20:43:51","guid":{"rendered":"https:\/\/palmhills.com.do\/?post_type=estate_property&#038;p=278453"},"modified":"2026-04-14T20:56:40","modified_gmt":"2026-04-14T20:56:40","slug":"geraumige-wohnung-mit-grosem-balkon-in-zentraler-lage-in-strandnahe","status":"publish","type":"estate_property","link":"https:\/\/palmhills.com.do\/de\/properties\/spacious-apartment-with-large-balcony-central-location-close-to-the-beach\/","title":{"rendered":"Ger\u00e4umiges Appartement mit gro\u00dfem Balkon - zentrale Lage &amp; N\u00e4he zum Strand"},"content":{"rendered":"<p>Diese helle und gro\u00dfz\u00fcgige 1-Schlafzimmer- und 1-Bad-Wohnung bietet 63,20 m\u00b2 gut verteilte Wohnfl\u00e4che und ist damit eine ausgezeichnete Wahl f\u00fcr komfortables Wohnen, Urlaubsnutzung oder Mieteinnahmen.<\/p>\n\n\n\n<p>Die Wohnung befindet sich im dritten Stock und zeichnet sich durch ihre gro\u00dfz\u00fcgige Aufteilung und den einladenden Au\u00dfenbereich aus. Ein gro\u00dfer privater Balkon mit Sitzgelegenheit erweitert den Wohnbereich und schafft den perfekten Ort zum Entspannen, Unterhalten oder um die Brise zu genie\u00dfen.<\/p>\n\n\n\n<p>Die Innenausstattung wurde k\u00fcrzlich aktualisiert und ist vollst\u00e4ndig m\u00f6bliert, so dass ein einfacher Einzug oder eine sofortige Vermietung m\u00f6glich ist. Das Design ist modern und funktional, mit mehr Platz als typische Einheiten, so dass es ein offenes und komfortables Gef\u00fchl.<\/p>\n\n\n\n<p>Durch die zentrale Lage des Hauses befinden sich Superm\u00e4rkte, Restaurants und Gesch\u00e4fte des t\u00e4glichen Bedarfs in unmittelbarer N\u00e4he, w\u00e4hrend der Strand nur wenige Minuten entfernt ist - ideal, um alles zu genie\u00dfen, was die Gegend zu bieten hat.<\/p>\n\n\n\n<p>Die Wohnung verf\u00fcgt au\u00dferdem \u00fcber ein zuverl\u00e4ssiges Notstromsystem mit 4 Batterien, das auch bei Stromausf\u00e4llen f\u00fcr Komfort sorgt, sowie \u00fcber ein sicheres Code-Eingangssystem f\u00fcr zus\u00e4tzlichen Komfort und Sicherheit.<\/p>\n\n\n\n<p><strong>Wesentliche Merkmale:<\/strong><\/p>\n\n\n\n<ul class=\"wp-block-list\">\n<li>1 Schlafzimmer \/ 1 Badezimmer<\/li>\n\n\n\n<li>63.20 m\u00b2<\/li>\n\n\n\n<li>Wohnung im dritten Stock<\/li>\n\n\n\n<li>Gro\u00dfer Balkon mit Sitzgelegenheit<\/li>\n\n\n\n<li>K\u00fcrzlich renoviert<\/li>\n\n\n\n<li>Vollst\u00e4ndig m\u00f6bliert<\/li>\n\n\n\n<li>Notstromanlage (4 Batterien)<\/li>\n\n\n\n<li>Sichere Code-Eingangst\u00fcr<\/li>\n\n\n\n<li>Zentrale Lage in der N\u00e4he von Annehmlichkeiten<\/li>\n\n\n\n<li>Nur wenige Minuten vom Strand entfernt<\/li>\n<\/ul>\n\n\n\n<p>Mit ihrem gr\u00f6\u00dferen Grundriss und dem attraktiven Au\u00dfenbereich bietet diese Wohnung ein hervorragendes Gleichgewicht zwischen Komfort und Investitionspotenzial in einer erstklassigen Lage.<\/p>","protected":false},"excerpt":{"rendered":"<p>Diese helle und gro\u00dfz\u00fcgige 1-Schlafzimmer- und 1-Bad-Wohnung bietet 63,20 m\u00b2 gut verteilte Wohnfl\u00e4che und ist damit eine ausgezeichnete Wahl f\u00fcr komfortables Wohnen, Urlaubsnutzung oder Mieteinnahmen. Die Wohnung befindet sich im dritten Stock und zeichnet sich durch ihre gro\u00dfz\u00fcgige Aufteilung und den einladenden Au\u00dfenbereich aus. Ein gro\u00dfer privater Balkon mit Sitzgelegenheit erweitert den Wohnbereich und schafft den perfekten Ort zum Entspannen, ...<\/p>","protected":false},"featured_media":278468,"comment_status":"closed","ping_status":"closed","template":"","property_category":[34,1065,57],"property_action_category":[1046],"property_city":[168],"property_area":[],"property_county_state":[350],"property_features":[744,849,745,689,747,748,1041,853,746,824,821,1017,827],"property_status":[1228],"class_list":["post-278453","estate_property","type-estate_property","status-publish","has-post-thumbnail","hentry","property_category-apartments","property_category-exclusives","property_category-new-entries","property_action_category-buy","property_city-sosua","property_county_state-puerto-plata","property_features-air-conditioner","property_features-balcony","property_features-ceiling-fan","property_features-close-to-the-beach","property_features-electricity-available","property_features-furnished","property_features-own-well","property_features-pets-allowed","property_features-private-parking","property_features-refrigerator","property_features-stove","property_features-terrace","property_features-washer","property_status-financing-available"],"acf":[],"_links":{"self":[{"href":"https:\/\/palmhills.com.do\/de\/wp-json\/wp\/v2\/estate_property\/278453","targetHints":{"allow":["GET"]}}],"collection":[{"href":"https:\/\/palmhills.com.do\/de\/wp-json\/wp\/v2\/estate_property"}],"about":[{"href":"https:\/\/palmhills.com.do\/de\/wp-json\/wp\/v2\/types\/estate_property"}],"replies":[{"embeddable":true,"href":"https:\/\/palmhills.com.do\/de\/wp-json\/wp\/v2\/comments?post=278453"}],"wp:featuredmedia":[{"embeddable":true,"href":"https:\/\/palmhills.com.do\/de\/wp-json\/wp\/v2\/media\/278468"}],"wp:attachment":[{"href":"https:\/\/palmhills.com.do\/de\/wp-json\/wp\/v2\/media?parent=278453"}],"wp:term":[{"taxonomy":"property_category","embeddable":true,"href":"https:\/\/palmhills.com.do\/de\/wp-json\/wp\/v2\/property_category?post=278453"},{"taxonomy":"property_action_category","embeddable":true,"href":"https:\/\/palmhills.com.do\/de\/wp-json\/wp\/v2\/property_action_category?post=278453"},{"taxonomy":"property_city","embeddable":true,"href":"https:\/\/palmhills.com.do\/de\/wp-json\/wp\/v2\/property_city?post=278453"},{"taxonomy":"property_area","embeddable":true,"href":"https:\/\/palmhills.com.do\/de\/wp-json\/wp\/v2\/property_area?post=278453"},{"taxonomy":"property_county_state","embeddable":true,"href":"https:\/\/palmhills.com.do\/de\/wp-json\/wp\/v2\/property_county_state?post=278453"},{"taxonomy":"property_features","embeddable":true,"href":"https:\/\/palmhills.com.do\/de\/wp-json\/wp\/v2\/property_features?post=278453"},{"taxonomy":"property_status","embeddable":true,"href":"https:\/\/palmhills.com.do\/de\/wp-json\/wp\/v2\/property_status?post=278453"}],"curies":[{"name":"wp","href":"https:\/\/api.w.org\/{rel}","templated":true}]}}